{"id":84,"date":"2015-06-01T23:41:06","date_gmt":"2015-06-01T23:41:06","guid":{"rendered":"http:\/\/tester.colegiovillanonguen.cl\/?page_id=84"},"modified":"2026-04-17T14:30:24","modified_gmt":"2026-04-17T14:30:24","slug":"circulares","status":"publish","type":"page","link":"https:\/\/www.colegiovillanonguen.cl\/index.php\/circulares\/","title":{"rendered":"Circulares"},"content":{"rendered":"\n<p>La comunicaci\u00f3n entre Colegio y Familia es fundamental en el buen funcionamiento de una entidad educativa. En esta secci\u00f3n podr\u00e1n descargar las comunicaciones emanadas desde la Rector\u00eda del Colegio a cada familia de nuestra Comunidad.<\/p>\n\n\n\n<p>A\u00f1o 2026<\/p>\n\n\n\n<p>Circular 1: <a href=\"https:\/\/drive.google.com\/file\/d\/1ZDu32MSSGcMfOESLjsoVtkBqKxKxpZ9P\/view?usp=sharing\" target=\"_blank\" rel=\"noreferrer noopener\">Inicio a\u00f1o escolar.<\/a><\/p>\n\n\n\n<p>Circular 2: <a href=\"https:\/\/drive.google.com\/file\/d\/1lBevoIxHHvQUfVOTrl3xEvAacKZIRZaX\/view?usp=sharing\" target=\"_blank\" rel=\"noreferrer noopener\">Resultados SNED<\/a><\/p>\n\n\n\n<p>Circular 3: <a href=\"https:\/\/drive.google.com\/file\/d\/1syKu_aCoJfOgzT4l055WOPy4Gn7s2NfK\/view?usp=sharing\" target=\"_blank\" rel=\"noreferrer noopener\">Inscripci\u00f3n talleres Extra Escolares<\/a><\/p>\n\n\n\n<p>Circular 4: <a href=\"https:\/\/drive.google.com\/file\/d\/1CiDtfFGR8m2834Zgms5p-mIXq_KEuVF2\/view?usp=sharing\" target=\"_blank\" rel=\"noreferrer noopener\">Actividades de Aniversario<\/a><\/p>\n\n\n\n<p>Circular 5: <a href=\"https:\/\/drive.google.com\/file\/d\/1KucleFFcezVpeNayphW7oSyBZL4AoPXZ\/view?usp=sharing\">Comunicado Rector\u00eda frente a situaci\u00f3n nacional<\/a><\/p>\n\n\n\n<p>Circular 6: <a href=\"https:\/\/drive.google.com\/file\/d\/1Fp9Lik9aSyRRnzIR9He5LEaIJ0Im5gtY\/view?usp=sharing\" target=\"_blank\" rel=\"noreferrer noopener\">Prohibici\u00f3n de celulares y dispositivos m\u00f3viles<\/a><\/p>\n\n\n\n<p>A\u00f1o 2025<\/p>\n\n\n\n<p>Circular 1:<a href=\"https:\/\/drive.google.com\/file\/d\/1EnHOsjvqG2ZqJsIcCpjRPDMixgGWRBpn\/view?usp=sharing\" target=\"_blank\" rel=\"noreferrer noopener\"> Inicio a\u00f1o escolar<\/a><\/p>\n\n\n\n<p>Circular 2: <a href=\"https:\/\/drive.google.com\/file\/d\/1x41CDTCYQfoen2YhZLTgoWDdaTdj0sUH\/view?usp=sharing\" target=\"_blank\" rel=\"noreferrer noopener\">Resultados SIMCE<\/a><\/p>\n\n\n\n<p>Circular 3: <a href=\"https:\/\/drive.google.com\/file\/d\/1LBEQE_o-558MW9zue1zfkC_1zdIA9bn3\/view?usp=sharing\" target=\"_blank\" rel=\"noreferrer noopener\">Inscripci\u00f3n Talleres Extraescolares &#8211; ACLE<\/a><\/p>\n\n\n\n<p>Circular 4: <a href=\"https:\/\/drive.google.com\/file\/d\/1yH5gQfRhfDeyxEnRwXuy3p0Cph3GlAxn\/view?usp=sharing\" target=\"_blank\" rel=\"noreferrer noopener\">Actividades de aniversario<\/a><\/p>\n\n\n\n<p>Circular 5: <a href=\"https:\/\/drive.google.com\/file\/d\/1JDmXC8R13qtWEU0Gr6TCUeO4U9EZYFGs\/view?usp=sharing\" target=\"_blank\" rel=\"noreferrer noopener\">Reuni\u00f3n consulta<\/a><\/p>\n\n\n\n<p>Circular 6: <a href=\"https:\/\/drive.google.com\/file\/d\/1ipEAi6e0oygzdDw4haEx0L9FgeeJWc0g\/view?usp=sharing\" target=\"_blank\" rel=\"noreferrer noopener\">Fin Primer Semestre<\/a><\/p>\n\n\n\n<p>Circular 7: <a href=\"https:\/\/drive.google.com\/file\/d\/17r5HtPCv_HExhY5Aye0Q1Z8gNk2hEVD2\/view?usp=sharing\" target=\"_blank\" rel=\"noreferrer noopener\">Servicio de alimentaci\u00f3n 12 de agosto<\/a><\/p>\n\n\n\n<p>Circular 8: <a href=\"https:\/\/drive.google.com\/file\/d\/1okOKexnckhcqlhOajVqz9wijfViF0ib0\/view?usp=sharing\" target=\"_blank\" rel=\"noreferrer noopener\">Reuni\u00f3n Entrevista<\/a><\/p>\n\n\n\n<p>Circular 9: <a href=\"https:\/\/drive.google.com\/file\/d\/1t3Iz3PcdM02WOrobpJF737Kj5rD2eX8E\/view?usp=sharing\">Varicela<\/a><\/p>\n\n\n\n<p>Circular 10: <a href=\"https:\/\/drive.google.com\/file\/d\/1JD0i-7Kfv--Zta_TIPfAIMmJgWrdJK5w\/view?usp=sharing\" target=\"_blank\" rel=\"noreferrer noopener\">Servicio de Alimentaci\u00f3n<\/a><\/p>\n\n\n\n<p>Circular 11: <a href=\"https:\/\/drive.google.com\/file\/d\/1lxZ17eGupy4VBjlB_CamIesJ_H9kmPy7\/view?usp=sharing\" target=\"_blank\" rel=\"noreferrer noopener\">Colegio Bicentenario de Excelencia Villa Nongu\u00e9n<\/a><\/p>\n\n\n\n<p>Circular 12: <a href=\"https:\/\/drive.google.com\/file\/d\/1AXdavdxYbgPLb5BX5oYUy5Wd8uc1Ilp7\/view?usp=sharing\" target=\"_blank\" rel=\"noreferrer noopener\">Jornada jueves 20 de noviembre<\/a><\/p>\n\n\n\n<p>Circular 13: <a href=\"https:\/\/drive.google.com\/file\/d\/1_a7Z-F8hXSFM9bH0HgRXQyFKh1g5FeHt\/view?usp=sharing\" target=\"_blank\" rel=\"noreferrer noopener\">Acortamiento de jornada<\/a><\/p>\n\n\n\n<p>Circular 14: <a href=\"https:\/\/drive.google.com\/file\/d\/1mFrTe-qMQlSNIgu6cwcCzoDs0p0J_U6h\/view?usp=sharing\" target=\"_blank\" rel=\"noreferrer noopener\">Actividades cierre a\u00f1o 2025<\/a><\/p>\n\n\n\n<p>A\u00f1o 2024<\/p>\n\n\n\n<p>Circular 1: <a href=\"https:\/\/drive.google.com\/file\/d\/1tQuFJNWcbBmOxpxweBmyWJUZ3qFDj5Dw\/view?usp=sharing\" target=\"_blank\" rel=\"noreferrer noopener\">Inicio a\u00f1o escolar<\/a><\/p>\n\n\n\n<p>Circular 2: <a href=\"https:\/\/drive.google.com\/file\/d\/1GJHH7l0ejMMBob3LODgKBhK1DECUeH0t\/view?usp=sharing\">Resultados SIMCE<\/a><\/p>\n\n\n\n<p>Circular 3: <a href=\"https:\/\/drive.google.com\/file\/d\/17QPm1i5VkUr-hJQTrk_rUQJi-MtgimlU\/view?usp=sharing\">Premio Excelencia Acad\u00e9mica<\/a><\/p>\n\n\n\n<p>Circular 4: <a href=\"https:\/\/drive.google.com\/file\/d\/1i04bnAPdXh_QLX4krRheTfGc2Y8MdWEH\/view?usp=sharing\" target=\"_blank\" rel=\"noreferrer noopener\">Inscripci\u00f3n a las ACLES<\/a><\/p>\n\n\n\n<p>Circular 5: <a href=\"https:\/\/drive.google.com\/file\/d\/19L9g0n3rCOHnhpmFWNzOKFsnIHskLkHR\/view?usp=sharing\" target=\"_blank\" rel=\"noreferrer noopener\">Reuni\u00f3n Consulta<\/a><\/p>\n\n\n\n<p>Circular 6: <a href=\"https:\/\/drive.google.com\/file\/d\/1qXf0BQYJiRvu9xKvnSyfUQXkFvl179nm\/view?usp=sharing\" target=\"_blank\" rel=\"noreferrer noopener\">Cronograma fin semestre<\/a><\/p>\n\n\n\n<p>Circular 7: <a href=\"https:\/\/drive.google.com\/file\/d\/1p_iliexKhtRL8o0eJohp46cVgJBWgDlI\/view?usp=sharing\" target=\"_blank\" rel=\"noreferrer noopener\">Suspensi\u00f3n de clases 12 de junio<\/a><\/p>\n\n\n\n<p>Circular 8: <a href=\"https:\/\/drive.google.com\/file\/d\/1p-cejWU4Jau17rAccC3jG0KJRtvKrNqp\/view?usp=sharing\" target=\"_blank\" rel=\"noreferrer noopener\">Suspensi\u00f3n de clases 12, 13 y 14 de junio<\/a><\/p>\n\n\n\n<p>Circular 9: <a href=\"https:\/\/drive.google.com\/file\/d\/1TG0UfPeE9yHqMXjqpYeNf7pHlZQBDX6u\/view?usp=sharing\" target=\"_blank\" rel=\"noreferrer noopener\">Servicio de alimentaci\u00f3n<\/a><\/p>\n\n\n\n<p>Circular 10: <a href=\"https:\/\/drive.google.com\/file\/d\/11U175IVL-1Z5c8rep7G9NIdbTwbfOyhy\/view?usp=sharing\" target=\"_blank\" rel=\"noreferrer noopener\">Reuniones de apoderados<\/a><\/p>\n\n\n\n<p>Circular 11: <a href=\"https:\/\/drive.google.com\/file\/d\/1A8qiuP3blGCDa97s-Kisw8aE9X4qNIp9\/view?usp=sharing\">Suspensi\u00f3n de clases por emergencia clim\u00e1tica<\/a><\/p>\n\n\n\n<p>Circular 12: <a href=\"https:\/\/drive.google.com\/file\/d\/1TH5TfiUKDiJsYWunnliEXCUmhctl-HUc\/view?usp=sharing\" data-type=\"link\" data-id=\"https:\/\/drive.google.com\/file\/d\/1TH5TfiUKDiJsYWunnliEXCUmhctl-HUc\/view?usp=sharing\" target=\"_blank\" rel=\"noreferrer noopener\">Admisi\u00f3n v\u00eda SAE A\u00f1o Escolar 2025<\/a><\/p>\n\n\n\n<p>Circular 13: <a href=\"https:\/\/drive.google.com\/file\/d\/1lARmBWg-L_hdzSNlTDRnwMxJxvCiCoLN\/view?usp=sharing\">Actividades Fiestas Patria<\/a><\/p>\n\n\n\n<p>Circular 14: <a href=\"https:\/\/drive.google.com\/file\/d\/1pnTArzVm0kEn7yBH-eRK4e7F9VWmhYIA\/view?usp=sharing\" target=\"_blank\" rel=\"noreferrer noopener\">Reuni\u00f3n Consulta<\/a><\/p>\n\n\n\n<p>Circular 15: <a href=\"https:\/\/drive.google.com\/file\/d\/1qMd5JGjIisAqGMie9EqB80wgkXY7wG8P\/view?usp=sharing\" target=\"_blank\" rel=\"noreferrer noopener\">Fin a\u00f1o Escolar<\/a><\/p>\n\n\n\n<p>A\u00f1o 2023<\/p>\n\n\n\n<p>Circular 1: <a rel=\"noreferrer noopener\" href=\"https:\/\/drive.google.com\/file\/d\/1e20RduYHevRI8tiZgBW-TNUetnCr00KU\/view?usp=sharing\" target=\"_blank\">Inicio a\u00f1o escolar<\/a><\/p>\n\n\n\n<p>Circular 2: <a href=\"https:\/\/drive.google.com\/file\/d\/1kF-nkJ3hQsY5UmRCWGPPElHVVNANde78\/view?usp=sharing\">Actividades de aniversario<\/a><\/p>\n\n\n\n<p>Circular 3: <a rel=\"noreferrer noopener\" href=\"https:\/\/drive.google.com\/file\/d\/17pHT5PjH53Ffx7CmI4xCpFmrKMGdOqBS\/view?usp=sharing\" target=\"_blank\">Inscripci\u00f3n ACLE<\/a><\/p>\n\n\n\n<p>Circular 4: <a rel=\"noreferrer noopener\" href=\"https:\/\/drive.google.com\/file\/d\/1VN7MwjawaqMNZshmpF5eh-c-iM2DGj2U\/view?usp=sharing\" data-type=\"URL\" data-id=\"https:\/\/drive.google.com\/file\/d\/1VN7MwjawaqMNZshmpF5eh-c-iM2DGj2U\/view?usp=sharing\" target=\"_blank\">Lirmi Familia<\/a><\/p>\n\n\n\n<p>Circular 5: <a rel=\"noreferrer noopener\" href=\"https:\/\/drive.google.com\/file\/d\/17bIderDVvOrDCcV8MPdisCtthnzTskk2\/view?usp=sharing\" target=\"_blank\">Actividades fin de semestre<\/a><\/p>\n\n\n\n<p>Circular 6: <a rel=\"noreferrer noopener\" href=\"https:\/\/drive.google.com\/file\/d\/1JVjn3jkG0pjfF1bJkQhfb08cIknrJ9dA\/view?usp=sharing\" target=\"_blank\">Reuni\u00f3n &#8211; Entrevista<\/a><\/p>\n\n\n\n<p>Circular 7: <a rel=\"noreferrer noopener\" href=\"https:\/\/drive.google.com\/file\/d\/1Rel6uF5q3kiJdSnVo2E3iV9IANRta4JA\/view?usp=sharing\" target=\"_blank\">Jornada DIA<\/a><\/p>\n\n\n\n<p>Circular 8: <a rel=\"noreferrer noopener\" href=\"https:\/\/drive.google.com\/file\/d\/13mXcQVQOUryxGcT_zUlq3rqIOyeDwArB\/view?usp=sharing\" target=\"_blank\">Postulaci\u00f3n SAE<\/a><\/p>\n\n\n\n<p>Circular 9: <a rel=\"noreferrer noopener\" href=\"https:\/\/drive.google.com\/file\/d\/1xCLJ4k2ZdTZ2EZhw2tXyJ9XHnv6qb1UI\/view?usp=sharing\" target=\"_blank\">Inscripci\u00f3n curso Cueca<\/a><\/p>\n\n\n\n<p>Circular 10: <a rel=\"noreferrer noopener\" href=\"https:\/\/drive.google.com\/file\/d\/15SG02sOVZrUZAuh75PlsJkILjzmWL5ke\/view?usp=sharing\" target=\"_blank\">Fiestas Patrias<\/a><\/p>\n\n\n\n<p>Circular 11: <a rel=\"noreferrer noopener\" href=\"https:\/\/drive.google.com\/file\/d\/18V2piWpbpwbK7LZBJpfWC5lN11JZv83X\/view?usp=sharing\" target=\"_blank\">Rifa CGPyA<\/a><\/p>\n\n\n\n<p>Circular 12: <a rel=\"noreferrer noopener\" href=\"https:\/\/drive.google.com\/file\/d\/1sO604e1GLjHMTLqweWynEDR35Nlbqi95\/view?usp=sharing\" data-type=\"URL\" data-id=\"https:\/\/drive.google.com\/file\/d\/1sO604e1GLjHMTLqweWynEDR35Nlbqi95\/view?usp=sharing\" target=\"_blank\">Segunda Reuni\u00f3n-Entrevista<\/a><\/p>\n\n\n\n<p>Circular 13: <a rel=\"noreferrer noopener\" href=\"https:\/\/drive.google.com\/file\/d\/1Dtpub0hK_OU75FyPIRsDjDguIEF6WUIV\/view?usp=sharing\" target=\"_blank\">Acortamiento de jornada<\/a><\/p>\n\n\n\n<p>Circular 14: <a href=\"https:\/\/drive.google.com\/file\/d\/1y3RqP_lqoKFG7UHEVR6qPlKwTpdCPUmu\/view?usp=sharing\" target=\"_blank\" rel=\"noreferrer noopener\">Finalizaci\u00f3n a\u00f1o escolar<\/a><\/p>\n\n\n\n<p>A\u00f1o 2022<\/p>\n\n\n\n<p>Circular 1:<a href=\"https:\/\/drive.google.com\/file\/d\/1_J_fATNqzCivu8nuw2kc54DF9RVkAF1E\/view?usp=sharing\" data-type=\"URL\" data-id=\"https:\/\/drive.google.com\/file\/d\/1_J_fATNqzCivu8nuw2kc54DF9RVkAF1E\/view?usp=sharing\"> <\/a><a rel=\"noreferrer noopener\" href=\"https:\/\/drive.google.com\/file\/d\/1_J_fATNqzCivu8nuw2kc54DF9RVkAF1E\/view?usp=sharing\" data-type=\"URL\" data-id=\"https:\/\/drive.google.com\/file\/d\/1_J_fATNqzCivu8nuw2kc54DF9RVkAF1E\/view?usp=sharing\" target=\"_blank\">Inicio a\u00f1o escolar.<\/a><\/p>\n\n\n\n<p>Circular 2: <a href=\"https:\/\/drive.google.com\/file\/d\/15_c1uuupDh3hsj1kTUSjpdx7_9bGu6sh\/view?usp=sharing\" data-type=\"URL\" data-id=\"https:\/\/drive.google.com\/file\/d\/15_c1uuupDh3hsj1kTUSjpdx7_9bGu6sh\/view?usp=sharing\">Forma de comunicar un caso de Covid positivo<\/a><\/p>\n\n\n\n<p>Circular 3: <a rel=\"noreferrer noopener\" href=\"https:\/\/drive.google.com\/file\/d\/1qfU7DaLJneWYo_aoOqEVqe5weD1-WnG-\/view?usp=sharing\" data-type=\"URL\" data-id=\"https:\/\/drive.google.com\/file\/d\/1qfU7DaLJneWYo_aoOqEVqe5weD1-WnG-\/view?usp=sharing\" target=\"_blank\">Procedimiento en caso de estudiantes \u00abAlerta Covid\u00bb<\/a><\/p>\n\n\n\n<p>Circular 4: <a rel=\"noreferrer noopener\" href=\"https:\/\/drive.google.com\/file\/d\/1VoCk2yr6W2JIiqrRuRO7545fX_gjFtQ9\/view?usp=sharing\" data-type=\"URL\" data-id=\"https:\/\/drive.google.com\/file\/d\/1VoCk2yr6W2JIiqrRuRO7545fX_gjFtQ9\/view?usp=sharing\" target=\"_blank\">Excelencia Acad\u00e9mia 2022-2023<\/a><\/p>\n\n\n\n<p>Circular 5: <a rel=\"noreferrer noopener\" href=\"https:\/\/drive.google.com\/file\/d\/1UyNeOPw0KEmao4L7ijI1sGMPI6JqzYXe\/view?usp=sharing\" data-type=\"URL\" data-id=\"https:\/\/drive.google.com\/file\/d\/1UyNeOPw0KEmao4L7ijI1sGMPI6JqzYXe\/view?usp=sharing\" target=\"_blank\">Flexibilizaci\u00f3n Jornada Escolar Completa<\/a><\/p>\n\n\n\n<p>Circular 6: <a rel=\"noreferrer noopener\" href=\"https:\/\/drive.google.com\/file\/d\/1sDVqo-tiT59H55oev3wLUn_991prIvOq\/view?usp=sharing\" target=\"_blank\">Regreso gradual a horario normal de clases<\/a><\/p>\n\n\n\n<p>Circular 7: <a rel=\"noreferrer noopener\" href=\"https:\/\/drive.google.com\/file\/d\/1quFdn2yKQNqW7eRRW7rx3dSVNq4J3Uss\/view?usp=sharing\" data-type=\"URL\" data-id=\"https:\/\/drive.google.com\/file\/d\/1quFdn2yKQNqW7eRRW7rx3dSVNq4J3Uss\/view?usp=sharing\" target=\"_blank\">Continuaci\u00f3n de la flexibilizaci\u00f3n de la JEC<\/a><\/p>\n\n\n\n<p>Circular 8: <a rel=\"noreferrer noopener\" href=\"https:\/\/drive.google.com\/file\/d\/1atKT5OcfK4lslWhZ8716wu1mGKuY_0QD\/view?usp=sharing\" data-type=\"URL\" data-id=\"https:\/\/drive.google.com\/file\/d\/1atKT5OcfK4lslWhZ8716wu1mGKuY_0QD\/view?usp=sharing\" target=\"_blank\">Inscripci\u00f3n talleres ACLE<\/a><\/p>\n\n\n\n<p>Circular 9: <a rel=\"noreferrer noopener\" href=\"https:\/\/drive.google.com\/file\/d\/17E_97sfmjllOOyxlNWjYtr-z1ouPvZio\/view?usp=sharing\" data-type=\"URL\" data-id=\"https:\/\/drive.google.com\/file\/d\/17E_97sfmjllOOyxlNWjYtr-z1ouPvZio\/view?usp=sharing\" target=\"_blank\">Actividades aniversario<\/a><\/p>\n\n\n\n<p>Circular 10: <a rel=\"noreferrer noopener\" href=\"https:\/\/drive.google.com\/file\/d\/1NeTusU3cANw34b0HrwvcLAFUCsYwFb1P\/view?usp=sharing\" data-type=\"URL\" data-id=\"https:\/\/drive.google.com\/file\/d\/1NeTusU3cANw34b0HrwvcLAFUCsYwFb1P\/view?usp=sharing\" target=\"_blank\">Fin a la flexibilizaci\u00f3n horaria<\/a><\/p>\n\n\n\n<p>Circular 11: <a rel=\"noreferrer noopener\" href=\"https:\/\/drive.google.com\/file\/d\/1LjtEPWQSOTqeQd2kynpsKtfW6f5I3lUM\/view?usp=sharing\" data-type=\"URL\" data-id=\"https:\/\/drive.google.com\/file\/d\/1LjtEPWQSOTqeQd2kynpsKtfW6f5I3lUM\/view?usp=sharing\" target=\"_blank\">Vacaciones de invierno y otras informaciones<\/a><\/p>\n\n\n\n<p>Circular 12: <a href=\"https:\/\/drive.google.com\/file\/d\/1FAXryNnOnsm0EmD4-ZPGvW10yR9EUFYA\/view?usp=sharing\" data-type=\"URL\" data-id=\"https:\/\/drive.google.com\/file\/d\/1FAXryNnOnsm0EmD4-ZPGvW10yR9EUFYA\/view?usp=sharing\">Escuela para Padres 2022<\/a><\/p>\n\n\n\n<p>Circular 13: <a rel=\"noreferrer noopener\" href=\"https:\/\/drive.google.com\/file\/d\/1X6VlE5LOWg7PMlqDvkVV1Qe0bhakD6s5\/view?usp=sharing\" data-type=\"URL\" data-id=\"https:\/\/drive.google.com\/file\/d\/1X6VlE5LOWg7PMlqDvkVV1Qe0bhakD6s5\/view?usp=sharing\" target=\"_blank\">Proceso de Admisi\u00f3n 2023 &#8211; SAE<\/a><\/p>\n\n\n\n<p>Circular 14: <a rel=\"noreferrer noopener\" href=\"https:\/\/drive.google.com\/file\/d\/1Lv04VJrSrl-Tj0zD5COUsJieW_rQlmKa\/view?usp=sharing\" target=\"_blank\">Mate Criollo<\/a><\/p>\n\n\n\n<p>Circular 15: <a href=\"https:\/\/drive.google.com\/file\/d\/1FtBNb26lHGUs2DPV60EokNhC1kCPYY2N\/view?usp=sharing\">Reuni\u00f3n Consulta<\/a><\/p>\n\n\n\n<p>Circular 16: <a href=\"https:\/\/drive.google.com\/file\/d\/1khsKro7mAxRcb8OoxeW9Me4oN9OoNVaa\/view?usp=share_link\" target=\"_blank\" rel=\"noreferrer noopener\">Finalizaci\u00f3n a\u00f1o escolar y matr\u00edcula<\/a><\/p>\n\n\n\n<p>A\u00f1o 2021:<\/p>\n\n\n\n<p>Circular 1: <a rel=\"noopener\" href=\"https:\/\/drive.google.com\/file\/d\/1GJO3DhLfeeV2XisHuCM1B-Kxdv6zfqj3\/view?usp=sharing\" target=\"_blank\">Inicio de a\u00f1o escolar<\/a><\/p>\n\n\n\n<p>Circular&nbsp;2:<a rel=\"noopener\" href=\"https:\/\/drive.google.com\/file\/d\/1O-VVYurI8hpUDaC6OjUMsgIeVFeaQjdh\/view?usp=sharing\" target=\"_blank\"> Actividades en Cuarentena<\/a> <\/p>\n\n\n\n<p>Circular 3: <a href=\"https:\/\/drive.google.com\/file\/d\/1dj3-jwnyvrC2st1vlKeLnwHFv9eQBjnu\/view?usp=sharing\">Suspensi\u00f3n actividad acad\u00e9mica<\/a><\/p>\n\n\n\n<p>Circular 4: <a href=\"https:\/\/drive.google.com\/file\/d\/1xE_YY4xN4kdASUYST7z5Alo99W3uc9qe\/view?usp=sharing\" data-type=\"URL\" data-id=\"https:\/\/drive.google.com\/file\/d\/1xE_YY4xN4kdASUYST7z5Alo99W3uc9qe\/view?usp=sharing\">Calendarizaci\u00f3n fin Primer Semestre e inicio Segundo Semestre<\/a><\/p>\n\n\n\n<p>Circular 5:<a href=\"https:\/\/drive.google.com\/file\/d\/1FM4rcreR8Urb0XhI26y70rQChOYjuPn2\/view?usp=sharing\"> Inicio Segundo Semestre<\/a><\/p>\n\n\n\n<p>Circular 6:<a rel=\"noreferrer noopener\" href=\"https:\/\/drive.google.com\/file\/d\/1B71ziy5JoGukxItmhWJ3oS8Q6JMoqbDI\/view?usp=sharing\" target=\"_blank\"> Sistema de Admisi\u00f3n 2022: SAE<\/a><\/p>\n\n\n\n<p>Circular 7: <a rel=\"noreferrer noopener\" href=\"https:\/\/drive.google.com\/file\/d\/1VVzDitcHkBIjVGm6kDYFvtfUpBf-8LU0\/view?usp=sharing\" data-type=\"URL\" data-id=\"https:\/\/drive.google.com\/file\/d\/1VVzDitcHkBIjVGm6kDYFvtfUpBf-8LU0\/view?usp=sharing\" target=\"_blank\">Regreso a clases presenciales Tercer A\u00f1o Medio<\/a><\/p>\n\n\n\n<p>Circular 8: <a href=\"https:\/\/drive.google.com\/file\/d\/1CA6wcwtk5Hbaj6_9os6JR6K6ghLXqZvj\/view?usp=sharing\">Regreso a clases presenciales y Fiestas Patria<\/a><\/p>\n\n\n\n<p>Circular 9: <a rel=\"noreferrer noopener\" href=\"https:\/\/drive.google.com\/drive\/folders\/1MAtlFd_bkeWJd4YADwUOKIDGkICh373O?usp=sharing\" target=\"_blank\">Retorno a clases presenciales: listados de estudiantes.<\/a><\/p>\n\n\n\n<p>Circular 10: <a rel=\"noreferrer noopener\" href=\"https:\/\/drive.google.com\/drive\/u\/2\/folders\/1tcfynxuZanzWTmJPT3pSMAIGJKb1KHge\" target=\"_blank\">Listado de estudiantes clases presenciales: noviembre.<\/a><\/p>\n\n\n\n<p>Circular 11: <a rel=\"noreferrer noopener\" href=\"https:\/\/drive.google.com\/file\/d\/1JQnga_ZgWvoMSZNcv9gupWwC9GYF0mkf\/view?usp=sharing\" data-type=\"URL\" data-id=\"https:\/\/drive.google.com\/file\/d\/1JQnga_ZgWvoMSZNcv9gupWwC9GYF0mkf\/view?usp=sharing\" target=\"_blank\">Calendarizaci\u00f3n fin a\u00f1o escolar 2021<\/a><\/p>\n\n\n\n<p>Circular 12: <a href=\"https:\/\/drive.google.com\/file\/d\/1IlTVpISlGZ7iPlOz6PloywLgcf3IGBtp\/view?usp=sharing\" target=\"_blank\" rel=\"noreferrer noopener\">Aspectos importantes a\u00f1o escolar 2022<\/a><\/p>\n\n\n\n<p>A\u00f1o 2020:<\/p>\n\n\n\n<p>Circular 1:&nbsp;<a href=\"http:\/\/Circular 1: Inicio de a\u00f1o escolar y otras informaciones\" target=\"_blank\" rel=\"noopener\">Inicio de a\u00f1o escolar y otras informaciones<\/a><br>Circular 2: <a href=\"https:\/\/drive.google.com\/open?id=1xxRsaVnTjFJYh2aG0U4X-SY8EFVt2z62\" target=\"_blank\" rel=\"noopener\">Campa\u00f1a de vacunaci\u00f3n contra influenza y protocolo y prevenci\u00f3n contra Coronavirus (COVID-19).<\/a><br>Circular 3: <a href=\"https:\/\/drive.google.com\/file\/d\/1DSACPPH0nnxjXGLP2bxrr170B16VyS2K\/view?usp=sharing\" target=\"_blank\" rel=\"noopener\">Postulaci\u00f3n&nbsp;2021<\/a><br>Circular 4:<a href=\"https:\/\/drive.google.com\/file\/d\/11cMAdg53GZ8G-IENovPnDpiAn32wgSgp\/view?usp=sharing\" target=\"_blank\" rel=\"noopener\">Directrices de evaluaci\u00f3n<\/a><br>Circular 5: <a href=\"https:\/\/drive.google.com\/file\/d\/1Ze-HMp9jO5OD-DQF5qhErYrCVypICtDp\/view?usp=sharing\" target=\"_blank\" rel=\"noopener\">Calendarizaci\u00f3n fin a\u00f1o escolar<\/a><\/p>\n\n\n\n<p>A\u00f1o 2019:<\/p>\n\n\n\n<p>Circular 1: <a href=\"https:\/\/drive.google.com\/file\/d\/1JJc0Ffk3tYOYQI-woAIS5KascjcGuYPo\/view?usp=sharing\" target=\"_blank\" rel=\"noopener\">Inicio de a\u00f1o escolar y otras informaciones<\/a><br>Circular 2: <a href=\"https:\/\/drive.google.com\/file\/d\/1wc7EpCPvN99BEsDM2R3UYEYnqRE8xaq2\/view?usp=sharing\" target=\"_blank\" rel=\"noopener\">Uso correcto del uniforme escolar<\/a><br>Circular 3: <a href=\"https:\/\/drive.google.com\/open?id=1Njv1V_Ny99ycQdhOk8tYevanTo1Nze7h\" target=\"_blank\" rel=\"noopener\">Talleres escolares<\/a><br>Circular 4: <a href=\"https:\/\/drive.google.com\/open?id=1Q7s0HnH8oijchcuZ3l8sbDmVHa0F_M08\" target=\"_blank\" rel=\"noopener\">Reuni\u00f3n Entrevista<\/a><br>Circular 5: <a href=\"https:\/\/drive.google.com\/open?id=1nPWUIJmeTyaVf2dYVmVc4v-4zI5ny_K0\" target=\"_blank\" rel=\"noopener\">Fin Primer Semestre<\/a><br>Circular 6: <a href=\"https:\/\/drive.google.com\/file\/d\/1pixTDXMBA4u3CPUdDbc-YP50xZ11ETCj\/view?usp=sharing\" target=\"_blank\" rel=\"noopener\">Conferencias de invierno &#8211; Inauguraci\u00f3n de Gimnasio<\/a><br>Circular 7: <a href=\"https:\/\/drive.google.com\/open?id=1lwiOz4gGVxwq3QmFVAGEgG0L54X3IFH6\" target=\"_blank\" rel=\"noopener\">Concurso Samsung<\/a><br>Circular 8: <a href=\"https:\/\/drive.google.com\/open?id=13RWKO_3UqxX1WYjzmMzQR2vzIsGNZPUK\" target=\"_blank\" rel=\"noopener\">Actividades de Fiestas Patria<\/a><br>Circular 9: <a href=\"https:\/\/drive.google.com\/open?id=1kU6k_w0r4BRaS_jRZD_cEi_zWUbsBzc6\" target=\"_blank\" rel=\"noopener\">Invitaci\u00f3n Orquesta de C\u00e1mara UdeC<\/a><br>Circular 10: <a href=\"https:\/\/drive.google.com\/open?id=1I6vguhjSuNrd4ms6RO4HTLKlrpVyRhKd\" target=\"_blank\" rel=\"noopener\">Horario semana 11 al 15 noviembre<\/a><br>Circular 11: <a href=\"https:\/\/drive.google.com\/open?id=1YAJL2qyhkTmVllXA3G8_8GgRKHCsRZKC\" target=\"_blank\" rel=\"noopener\">Clases 12 de noviembre<\/a><br>Circular 12: <a href=\"https:\/\/drive.google.com\/open?id=1CimVg_M1haDxnZ9rnBZmbE_7aLDvySj5\" target=\"_blank\" rel=\"noopener\">Horario semana 18 al 22 noviembre<\/a><br>Circular 13: <a href=\"https:\/\/drive.google.com\/open?id=1AfzSl8AgHyNzfoWMXRl4aR8Tc91FaQ_0\" target=\"_blank\" rel=\"noopener\">Clases 21 de noviembre<\/a><br>Circular 14: <a href=\"https:\/\/drive.google.com\/open?id=1VRPMdmAQXVKizw0EZTkPONYqG1P8xuE-\" target=\"_blank\" rel=\"noopener\">Horario semana 25 al 29 noviembre<\/a><br>Circular 15: <a href=\"https:\/\/drive.google.com\/open?id=1CYZNM5EvOVBUtXVKGZEJa-c_cjL12iDW\" target=\"_blank\" rel=\"noopener\">Calendarizaci\u00f3n fin a\u00f1o escolar<\/a><\/p>\n\n\n\n<p>A\u00f1o 2018:<\/p>\n\n\n\n<p>Circular 1: <a href=\"https:\/\/drive.google.com\/open?id=11L6ddCnEs6EhkjcERYksSCZPUfieqylR\" target=\"_blank\" rel=\"noopener\">Horario de Entrevistas y Citaci\u00f3n a reuni\u00f3n de apoderados.<\/a><br>Circular 2: <a href=\"https:\/\/drive.google.com\/open?id=1QJiM3fZU55kQE4J-somksTxYQqMtk-U7\" target=\"_blank\" rel=\"noopener\">Actividades de libre elecci\u00f3n<\/a><br>Circular 3: <a href=\"https:\/\/drive.google.com\/open?id=1RebMjkkPKxroPl9wcDYRo5YVA9R0jJj9\" target=\"_blank\" rel=\"noopener\">D\u00eda del Estudiante<\/a><br>Circular 4: <a href=\"https:\/\/drive.google.com\/open?id=1r8Ri7yn1HKTZYMFJgPQhYX-TUA9MjPgN\" target=\"_blank\" rel=\"noopener\">Reuni\u00f3n Consulta<\/a><br>Circular 5: <a href=\"https:\/\/drive.google.com\/open?id=1XNKhj3tAoI2BTu3XNg9Okpsg2LLqZTWv\" target=\"_blank\" rel=\"noopener\">Fin de Semestre, vacaciones de invierno e inicio del Segundo Semestre<\/a><br>Circular 6: <a href=\"https:\/\/drive.google.com\/open?id=1KiV_TILqM-13yG9cYkCJ3wzPu_BC-ekc\" target=\"_blank\" rel=\"noopener\">Horario de entrevistas Segundo Semestre 2018<\/a><br>Circular 7: <a href=\"https:\/\/drive.google.com\/file\/d\/1KGJq41YHCLFMj_ixjp2UXG4E65Ko-GN-\/view\" target=\"_blank\" rel=\"noopener\">Proceso de admisi\u00f3n 2019<\/a><br>Circular 8: <a href=\"https:\/\/drive.google.com\/open?id=1MiEOm5C_uhQ82ZpL3_Y_Vi-yo52MSJx-\" target=\"_blank\" rel=\"noopener\">Cambio en el sistema de alimentaci\u00f3n<\/a><br>Circular 9: <a href=\"https:\/\/drive.google.com\/open?id=1hFvoWHKldaTL985ugvQMfz1oZUrXaiSq\" target=\"_blank\" rel=\"noopener\">Actividades Fiestas Patria y Horario de Salida<\/a><br>Circular 10: <a href=\"https:\/\/drive.google.com\/open?id=11GrIykk3fXcx-TdiyspFB9jBmML9OVGz\" target=\"_blank\" rel=\"noopener\">Estado del Sistema de Alimentaci\u00f3n<\/a><br>Circular 11: <a href=\"https:\/\/drive.google.com\/open?id=1trEc0rmoYYQWz4BsGrFiipR_ll40obg5\" target=\"_blank\" rel=\"noopener\">Reuni\u00f3n &#8211; Entrevista<\/a><br>Circular 12: <a href=\"https:\/\/drive.google.com\/file\/d\/1A7xbqv0idD-j-E8GHmtFV28v_VWIy8qr\/view?usp=sharing\" target=\"_blank\" rel=\"noopener\">Sistema de Alimentaci\u00f3n Escola<\/a>r<br>Circular 13: <a href=\"https:\/\/drive.google.com\/open?id=1R4igwI8X27JHIjNi3Qk8ymuz40BsS9rA\" target=\"_blank\" rel=\"noopener\">Fin A\u00f1o Escolar<\/a><br>Circular 14: <a href=\"https:\/\/drive.google.com\/open?id=13_QQxjwR6o6U2OVMx_9_L4OIxFQcp_WM\" target=\"_blank\" rel=\"noopener\">Proceso de matr\u00edcula y otras informaciones<\/a><\/p>\n\n\n\n<p><strong>A\u00f1o 2017:<\/strong><\/p>\n\n\n\n<p>Circular 1: <a href=\"https:\/\/drive.google.com\/open?id=0ByVa4lktMzCtZUc0Z2labDVmM2c\" target=\"_blank\" rel=\"noopener\">Horario de Entrevistas y Citaci\u00f3n a reuni\u00f3n de apoderados.<\/a><br>Circular 2: <a href=\"https:\/\/drive.google.com\/open?id=0ByVa4lktMzCteEdtUGNwYTlvTU0\" target=\"_blank\" rel=\"noopener\">Actividades de Aniversario<\/a><br>Circular 3: <a href=\"https:\/\/drive.google.com\/open?id=0ByVa4lktMzCtTi05TFpRbklnTlk\" target=\"_blank\" rel=\"noopener\">Actividades de libre elecci\u00f3n<\/a><br>Circular 4: <a href=\"https:\/\/drive.google.com\/open?id=0ByVa4lktMzCtaW12UGEyZmszUUE\" target=\"_blank\" rel=\"noopener\">D\u00eda del estudiante<\/a><br>Circular 5: <a href=\"https:\/\/drive.google.com\/open?id=0ByVa4lktMzCtSjR6MHgxNGlMUTQ\" target=\"_blank\" rel=\"noopener\">Cita a primera reuni\u00f3n consulta<\/a><br>Circular 6: <a href=\"https:\/\/drive.google.com\/open?id=0ByVa4lktMzCtVDdKejdaU042a0U\" target=\"_blank\" rel=\"noopener\">Fin de Primer Semestre<\/a><br>Circular 7: <a href=\"https:\/\/drive.google.com\/open?id=0ByVa4lktMzCtLUY4WmVvLWZnYkE\" target=\"_blank\" rel=\"noopener\">Proceso de Admisi\u00f3n 2018<\/a><br>Circular 8: <a href=\"https:\/\/drive.google.com\/open?id=1YjQ7ztGKZJkjycpP4HXWUW5qCVzpAhdH\" target=\"_blank\" rel=\"noopener\">Proceso de Matr\u00edcula 2018<\/a><\/p>\n\n\n\n<p><strong>A\u00f1o 2016:<\/strong><\/p>\n\n\n\n<p>Circular: <a href=\"https:\/\/drive.google.com\/open?id=0ByVa4lktMzCtcm1BcVlrQlp5U1U\" target=\"_blank\" rel=\"noopener\">Informa Personal del Colegio, correos electr\u00f3nicos, horarios de atenci\u00f3n y cita a la primera reuni\u00f3n de apoderados<\/a><br>Circular: <a href=\"https:\/\/drive.google.com\/open?id=0ByVa4lktMzCta0tYN2JLZ0ZvN1k\" target=\"_blank\" rel=\"noopener\">Informa actividades de aniversario del Colegio<\/a><br>Circular: <a href=\"https:\/\/drive.google.com\/open?id=0ByVa4lktMzCtM2hqWkQzWE1qcW8\" target=\"_blank\" rel=\"noopener\">Informa inscripci\u00f3n de Talleres de libre elecci\u00f3n.<\/a><br>Circular: <a href=\"https:\/\/drive.google.com\/open?id=0ByVa4lktMzCtOTJjajNJaUJFRW8\" target=\"_blank\" rel=\"noopener\">Informa Reuni\u00f3n &#8211; Entrevista mes de mayo.<\/a><br>Circular: <a href=\"https:\/\/drive.google.com\/open?id=0ByVa4lktMzCtV3hWNFNjcERSa2M\" target=\"_blank\" rel=\"noopener\">Cronograma fin del Primer Semestre<\/a><br>Circular: <a href=\"https:\/\/drive.google.com\/open?id=0ByVa4lktMzCtbHZ5R3drVXZNWDA\" target=\"_blank\" rel=\"noopener\">Talleres de Libre Elecci\u00f3n Segundo Semestre<\/a><br>Circular: <a href=\"https:\/\/drive.google.com\/open?id=0ByVa4lktMzCtcnhWWGdaRG85Tms\" target=\"_blank\" rel=\"noopener\">Cronograma de celebraci\u00f3n Fiestas Patrias<\/a><br>Circular: <a href=\"https:\/\/drive.google.com\/open?id=0ByVa4lktMzCtNjYxWmp1ZWFPY28\" target=\"_blank\" rel=\"noopener\">Continuidad de Estudios 2017<\/a><br>Circular: <a href=\"https:\/\/drive.google.com\/open?id=0ByVa4lktMzCtS3lVcU96cE9hRzA\" target=\"_blank\" rel=\"noopener\">Proceso de Admisi\u00f3n 2017<\/a><br>Circular: <a href=\"https:\/\/drive.google.com\/open?id=0ByVa4lktMzCtaEhmTFpOOTZwRUE\" target=\"_blank\" rel=\"noopener\">Informa Reuni\u00f3n Consulta<\/a><br>Circular:&nbsp;<a href=\"https:\/\/drive.google.com\/open?id=0ByVa4lktMzCtQ09rVFlUaFJNZ1U\" target=\"_blank\" rel=\"noopener\">Circular Modificaci\u00f3n del Reglamento de Convivencia Escolar<\/a><br>Circular: <a href=\"https:\/\/drive.google.com\/open?id=0ByVa4lktMzCtR0YxUTFZcGUtODA\" target=\"_blank\" rel=\"noopener\">Calendarizaci\u00f3n fin a\u00f1o escolar 2016<\/a><\/p>\n","protected":false},"excerpt":{"rendered":"<p>La comunicaci\u00f3n entre Colegio y Familia es fundamental en el buen funcionamiento de una entidad educativa. En esta secci\u00f3n podr\u00e1n descargar las comunicaciones emanadas desde la Rector\u00eda del Colegio a cada familia de nuestra Comunidad. A\u00f1o 2026 Circular 1: Inicio a\u00f1o escolar. Circular 2: Resultados SNED Circular 3: Inscripci\u00f3n talleres Extra Escolares Circular 4: Actividades [&hellip;]<\/p>\n","protected":false},"author":1,"featured_media":0,"parent":0,"menu_order":0,"comment_status":"closed","ping_status":"closed","template":"","meta":{"footnotes":""},"class_list":["post-84","page","type-page","status-publish","hentry"],"_links":{"self":[{"href":"https:\/\/www.colegiovillanonguen.cl\/index.php\/wp-json\/wp\/v2\/pages\/84","targetHints":{"allow":["GET"]}}],"collection":[{"href":"https:\/\/www.colegiovillanonguen.cl\/index.php\/wp-json\/wp\/v2\/pages"}],"about":[{"href":"https:\/\/www.colegiovillanonguen.cl\/index.php\/wp-json\/wp\/v2\/types\/page"}],"author":[{"embeddable":true,"href":"https:\/\/www.colegiovillanonguen.cl\/index.php\/wp-json\/wp\/v2\/users\/1"}],"replies":[{"embeddable":true,"href":"https:\/\/www.colegiovillanonguen.cl\/index.php\/wp-json\/wp\/v2\/comments?post=84"}],"version-history":[{"count":141,"href":"https:\/\/www.colegiovillanonguen.cl\/index.php\/wp-json\/wp\/v2\/pages\/84\/revisions"}],"predecessor-version":[{"id":4280,"href":"https:\/\/www.colegiovillanonguen.cl\/index.php\/wp-json\/wp\/v2\/pages\/84\/revisions\/4280"}],"wp:attachment":[{"href":"https:\/\/www.colegiovillanonguen.cl\/index.php\/wp-json\/wp\/v2\/media?parent=84"}],"curies":[{"name":"wp","href":"https:\/\/api.w.org\/{rel}","templated":true}]}}