{"id":224,"date":"2015-08-13T12:41:02","date_gmt":"2015-08-13T12:41:02","guid":{"rendered":"http:\/\/tester.colegiovillanonguen.cl\/?page_id=224"},"modified":"2023-03-14T18:37:21","modified_gmt":"2023-03-14T18:37:21","slug":"equipo-convivencia-escolar","status":"publish","type":"page","link":"https:\/\/www.colegiovillanonguen.cl\/index.php\/equipo-convivencia-escolar\/","title":{"rendered":"Equipo Convivencia Escolar 2023"},"content":{"rendered":"<p><strong>Valentina Dur\u00e1n Villa<\/strong><\/p>\n<p><strong>Coordinadora Equipo Convivencia Escolar \/ Trabajadora Social<\/strong><\/p>\n<ul>\n<li>Dise\u00f1o, implementaci\u00f3n y coordinaci\u00f3n del Plan de gesti\u00f3n de Convivencia Escolar.<\/li>\n<li>Implementaci\u00f3n&nbsp;de Reglamento de Convivencia Escolar y diversos Protocolos de Acci\u00f3n.<\/li>\n<li>Evaluaci\u00f3n de casos sociales (vulneraci\u00f3n de derechos, negligencia, violencia, dificultades econ\u00f3micas, entre otras).<\/li>\n<li>Derivaci\u00f3n y acompa\u00f1amientos de casos en redes de derivaci\u00f3n externa.<\/li>\n<\/ul>\n<p>Correo:&nbsp;<a href=\"mailto:vduran@colegiovillanonguen.cl\">vduran@colegiovillanonguen.cl<\/a><\/p>\n<p><strong>&nbsp;<\/strong><strong>Paulina Aldunate Scheel<\/strong><br \/>\n<strong>Inspectora General<\/strong><\/p>\n<ul>\n<li>Implementaci\u00f3n Reglamento Interno, Reglamento de Convivencia Escolar y Protocolos de Acci\u00f3n.<\/li>\n<li>Colaboraci\u00f3n en la implementaci\u00f3n del Plan de gesti\u00f3n de Convivencia Escolar.<\/li>\n<\/ul>\n<p>Correo: <a href=\"mailto:inspectoria@colegiovillanonguen.cl\">inspectoria@colegiovillanonguen.cl<\/a><\/p>\n<p><strong>Bel\u00e9n Villegas Arroyo<\/strong><br \/>\n<strong>Psic\u00f3loga<\/strong><\/p>\n<ul>\n<li>Atenci\u00f3n de estudiantes.<\/li>\n<li>Orientaci\u00f3n a padres y apoderados.<\/li>\n<li>Colaboraci\u00f3n en la implementaci\u00f3n del Plan de gesti\u00f3n de Convivencia Escolar.<\/li>\n<li>Intervenciones en nivel parvulario en el \u00e1rea de Formaci\u00f3n Personal y Social.<\/li>\n<\/ul>\n<p>Correo:&nbsp;<a href=\"mailto:bvillegas@colegiovillanonguen.cl\">bvillegas@colegiovillanonguen.cl<\/a><\/p>\n<p><strong>Astrid Ortiz Alarc\u00f3n<br \/>\nOrientadora<\/strong><\/p>\n<ul>\n<li>Docente de aula de la asignatura de Orientaci\u00f3n de 5\u00b0 b\u00e1sico a 2\u00b0 medio.<\/li>\n<li>Encargada de la orientaci\u00f3n vocacional en estudiantes de Ense\u00f1anza Media.<\/li>\n<li>Colaboraci\u00f3n en la implementaci\u00f3n del Plan de gesti\u00f3n de Convivencia Escol<\/li>\n<\/ul>\n<p>Correo: <a href=\"mailto:aortiz@colegiovillanonguen.cl\">aortiz@colegiovillanonguen.cl<\/a><\/p>\n<p><strong>&nbsp;<\/strong><strong>Arnaldo Uribe Mora<\/strong><\/p>\n<p><strong>Docente de Historia y de Orientaci\u00f3n <\/strong><\/p>\n<ul>\n<li>Docente de aula en la asignatura de Orientaci\u00f3n en 3\u00b0 y 4\u00b0 medio.<\/li>\n<li>Encargado de la orientaci\u00f3n vocacional en estudiantes de ense\u00f1anza media.<\/li>\n<li>Colaboraci\u00f3n en la implementaci\u00f3n del Plan de gesti\u00f3n de Convivencia Escolar.<\/li>\n<\/ul>\n<p>Correo: <a href=\"mailto:auribe@colegiovillanonguen.cl\">auribe@colegiovillanonguen.cl<\/a><\/p>\n<p><strong>C\u00e9sar Roa Jara<\/strong><\/p>\n<p><strong>Docente de Historia e Inspector de Ense\u00f1anza Media <\/strong><\/p>\n<ul>\n<li>Implementaci\u00f3n Reglamento Interno, Reglamento de Convivencia Escolar y Protocolos de Acci\u00f3n.<\/li>\n<li>Colaboraci\u00f3n en la implementaci\u00f3n del Plan de gesti\u00f3n de Convivencia Escolar.<\/li>\n<\/ul>\n<p>Correo: <a href=\"mailto:croa@colegiovillanonguen.cl\">croa@colegiovillanonguen.cl<\/a><\/p>\n<p style=\"text-align: center;\"><img loading=\"lazy\" decoding=\"async\" class=\"alignnone size-full wp-image-2061\" src=\"https:\/\/www.colegiovillanonguen.cl\/wp-content\/uploads\/2021\/05\/1-0-1.jpg\" alt=\"\" width=\"200\" height=\"202\" srcset=\"https:\/\/www.colegiovillanonguen.cl\/wp-content\/uploads\/2021\/05\/1-0-1.jpg 200w, https:\/\/www.colegiovillanonguen.cl\/wp-content\/uploads\/2021\/05\/1-0-1-50x50.jpg 50w, https:\/\/www.colegiovillanonguen.cl\/wp-content\/uploads\/2021\/05\/1-0-1-80x80.jpg 80w\" sizes=\"auto, (max-width: 200px) 100vw, 200px\" \/><\/p>\n","protected":false},"excerpt":{"rendered":"<p>Valentina Dur\u00e1n Villa Coordinadora Equipo Convivencia Escolar \/ Trabajadora Social Dise\u00f1o, implementaci\u00f3n y coordinaci\u00f3n del Plan de gesti\u00f3n de Convivencia Escolar. Implementaci\u00f3n&nbsp;de Reglamento de Convivencia Escolar y diversos Protocolos de Acci\u00f3n. Evaluaci\u00f3n de casos sociales (vulneraci\u00f3n de derechos, negligencia, violencia, dificultades econ\u00f3micas, entre otras). Derivaci\u00f3n y acompa\u00f1amientos de casos en redes de derivaci\u00f3n externa. Correo:&nbsp;vduran@colegiovillanonguen.cl [&hellip;]<\/p>\n","protected":false},"author":1,"featured_media":0,"parent":0,"menu_order":0,"comment_status":"closed","ping_status":"open","template":"","meta":{"footnotes":""},"class_list":["post-224","page","type-page","status-publish","hentry"],"_links":{"self":[{"href":"https:\/\/www.colegiovillanonguen.cl\/index.php\/wp-json\/wp\/v2\/pages\/224","targetHints":{"allow":["GET"]}}],"collection":[{"href":"https:\/\/www.colegiovillanonguen.cl\/index.php\/wp-json\/wp\/v2\/pages"}],"about":[{"href":"https:\/\/www.colegiovillanonguen.cl\/index.php\/wp-json\/wp\/v2\/types\/page"}],"author":[{"embeddable":true,"href":"https:\/\/www.colegiovillanonguen.cl\/index.php\/wp-json\/wp\/v2\/users\/1"}],"replies":[{"embeddable":true,"href":"https:\/\/www.colegiovillanonguen.cl\/index.php\/wp-json\/wp\/v2\/comments?post=224"}],"version-history":[{"count":8,"href":"https:\/\/www.colegiovillanonguen.cl\/index.php\/wp-json\/wp\/v2\/pages\/224\/revisions"}],"predecessor-version":[{"id":2838,"href":"https:\/\/www.colegiovillanonguen.cl\/index.php\/wp-json\/wp\/v2\/pages\/224\/revisions\/2838"}],"wp:attachment":[{"href":"https:\/\/www.colegiovillanonguen.cl\/index.php\/wp-json\/wp\/v2\/media?parent=224"}],"curies":[{"name":"wp","href":"https:\/\/api.w.org\/{rel}","templated":true}]}}